{"id":18297,"date":"2020-02-03T14:12:31","date_gmt":"2020-02-03T13:12:31","guid":{"rendered":"https:\/\/www.moha-swiss.com\/product\/verdura-6925229\/"},"modified":"2020-02-03T19:10:47","modified_gmt":"2020-02-03T18:10:47","slug":"verdura-6925229","status":"publish","type":"product","link":"https:\/\/www.moha-swiss.com\/de\/product\/verdura-6925229\/","title":{"rendered":"VERDURA 6925229"},"content":{"rendered":"<p><strong>Pommes frites-und Gem\u00fcseschneider<\/strong><\/p>\n<p>\u2022 Mit seinen drei spezifischen und austauschbaren Eins\u00e4tzen erm\u00f6glicht VERDURA das m\u00fchelose und sichere Schneiden von Gem\u00fcse, Tomaten und Obst.                                             <\/p>\n<p>\u2022 Da der VERDURA mit einem 1.5 Liter Beh\u00e4lter geliefert wird, ben\u00f6tigen Sie keinen zus\u00e4tzlichen Untersatz. Alle Einzelteile k\u00f6nnen in diesem Beh\u00e4lter aufbewahrt werden. Die rechteckige Form sowie der Aufbewahrungsdeckel erleichtern die Lagerung im K\u00fchlschrank.                                                                                      <\/p>\n<p>\u2022 VERDURA ist komplett zerlegbar und daher m\u00fchelos zu Reinigen. Alle Elemente sind sp\u00fclmaschinenfest.<\/p>\n<p>&nbsp;<\/p>\n<p>H 11.5cm W 11cm D 27.5cm<br \/>\nABS, SAN, PP, Edelstahl<\/p>\n<input class=\"fooboxshare_post_id\" type=\"hidden\" value=\"18297\"\/>","protected":false},"excerpt":{"rendered":"<p><strong>Pommes frites-und Gem\u00fcseschneider<\/strong><\/p>\n<p>ABS, Edelstahl<\/p>\n<p><img loading=\"lazy\" decoding=\"async\" class=\"alignnone size-full wp-image-21\" src=\"https:\/\/www.moha-swiss.com\/wp-content\/uploads\/2014\/09\/icon-dishwasher.jpg\" alt=\"icon-dishwasher\" width=\"50\" height=\"65\" \/><\/p>\n","protected":false},"featured_media":18619,"comment_status":"closed","ping_status":"closed","template":"","meta":[],"product_brand":[],"product_cat":[51],"product_tag":[278,304,310,290,330,429,332,350,98],"class_list":{"0":"post-18297","1":"product","2":"type-product","3":"status-publish","4":"has-post-thumbnail","6":"product_cat-chopping-cutting-de","7":"product_tag-edelstahl","8":"product_tag-fruechte","9":"product_tag-gemuese","10":"product_tag-gemuesehobel","11":"product_tag-kartoffeln","12":"product_tag-mandoline-de","13":"product_tag-prommes-frites","14":"product_tag-rot","15":"product_tag-schneiden-de","17":"first","18":"instock","19":"shipping-taxable","20":"product-type-simple"},"_links":{"self":[{"href":"https:\/\/www.moha-swiss.com\/de\/wp-json\/wp\/v2\/product\/18297","targetHints":{"allow":["GET"]}}],"collection":[{"href":"https:\/\/www.moha-swiss.com\/de\/wp-json\/wp\/v2\/product"}],"about":[{"href":"https:\/\/www.moha-swiss.com\/de\/wp-json\/wp\/v2\/types\/product"}],"replies":[{"embeddable":true,"href":"https:\/\/www.moha-swiss.com\/de\/wp-json\/wp\/v2\/comments?post=18297"}],"wp:featuredmedia":[{"embeddable":true,"href":"https:\/\/www.moha-swiss.com\/de\/wp-json\/wp\/v2\/media\/18619"}],"wp:attachment":[{"href":"https:\/\/www.moha-swiss.com\/de\/wp-json\/wp\/v2\/media?parent=18297"}],"wp:term":[{"taxonomy":"product_brand","embeddable":true,"href":"https:\/\/www.moha-swiss.com\/de\/wp-json\/wp\/v2\/product_brand?post=18297"},{"taxonomy":"product_cat","embeddable":true,"href":"https:\/\/www.moha-swiss.com\/de\/wp-json\/wp\/v2\/product_cat?post=18297"},{"taxonomy":"product_tag","embeddable":true,"href":"https:\/\/www.moha-swiss.com\/de\/wp-json\/wp\/v2\/product_tag?post=18297"}],"curies":[{"name":"wp","href":"https:\/\/api.w.org\/{rel}","templated":true}]}}